{"id":162,"date":"2023-04-03T18:25:01","date_gmt":"2023-04-03T16:25:01","guid":{"rendered":"https:\/\/consrosario.esteri.it\/news\/"},"modified":"2023-05-04T10:49:04","modified_gmt":"2023-05-04T08:49:04","slug":"news","status":"publish","type":"page","link":"https:\/\/consrosario.esteri.it\/es\/news\/","title":{"rendered":"Noticias"},"content":{"rendered":"        <div class=\"row\">\n\t\t\t<!-- Ricerca sedi post -->\n\t\t\t<div class=\"col-12 mt-4\">\n\t\t\t  <div class=\"callout callout-highlight note ricerca-esteri p-4\">\n                    <div class=\"callout-title\">\n                        <svg class=\"icon\">\n                            <use xlink:href=\"https:\/\/consrosario.esteri.it\/wp-content\/themes\/sedi-tema\/assets\/svg\/sprites.svg#it-search\"><\/use>\n                        <\/svg>Introduzca sus par\u00e1metros de b\u00fasqueda                    <\/div>\n                    <form id=\"searchFormPost\" name=\"form-search-post\" class=\"form-row align-items-center\" action=\"https:\/\/consrosario.esteri.it\/es\/wp-json\/wp\/v2\/pages\/162\/\" method=\"GET\"> \n                        <!-- <div class=\"form-group pt-5\"> -->\n                            <!-- <input type=\"hidden\" id=\"lang\" name=\"lang\" value=\"\"> --> <!-- <\/div> -->\n\n                        <div class=\"it-datepicker-wrapper\">\n                            <div class=\"row\">\n                                <div class=\"form-group col-md-6\">\n                                    <label class=\"active\" for=\"date-init\">Desde el<\/label>\n                                    <input class=\"form-control\" name=\"date-init\" id=\"date-init\" type=\"date\" placeholder=\"gg\/mm\/aaaa\" value=\"\"lang=\"en-EN\">  \n                                <\/div>\n                                <div class=\"form-group col-md-6\">\n                                    <label class=\"active\" for=\"date-end\">Hasta el<\/label>\n                                    <input class=\"form-control\" name=\"date-end\" id=\"date-end\" type=\"date\" placeholder=\"gg\/mm\/aaaa\" value=\"\">\n                                <\/div>\n                            <\/div>\n                        <\/div>\n                        <div class=\"form-group col-md-12 mt-3\">\n                            <label for=\"searchText\">Campo de b\u00fasqueda libre<\/label>\n                            <input type=\"text\" name=\"searchText\" class=\"form-control\" id=\"searchText\" value=\"\">\n                        <\/div>\n                        <div class=\"form-group col-md-4 offset-md-8 text-end\">\n                            <a href=\"https:\/\/consrosario.esteri.it\/es\/news\/\" title=\"Form reset\" id=\"resetImput\" class=\"btn btn-outline-primary btn-xs\">Reset<\/a>\n                            <button type=\"submit\" class=\"btn btn-primary btn-xs\">Mostrar resultados<\/button>\n                        <\/div>\n                    <\/form>\n\t\t\t\t<\/div>\n\t\t\t<\/div>\n\t\t<\/div>\n                    \n            <div class=\"row\">\n                            <div class=\"col-12 mt-3\">\n                <!--start card-->\n                <div class=\"card-wrapper card-space\">\n                    <div class=\"card card-bg card-big border-bottom-card\">\n                        <div class=\"card-body \">\n                                                        <div class=\"category-top\">\n                                                                                                            <span class=\"\">\n                                        <svg class=\"icon icon-secondary\">\n                                            <use xlink:href=\"https:\/\/consrosario.esteri.it\/wp-content\/themes\/sedi-tema\/assets\/svg\/sprites.svg#it-calendar\"><\/use>\n                                        <\/svg> 29 abril 2026                                    <\/span>\n                                                                    <\/div>\n                            <h5 class=\"card-title big-heading text-uppercase\"><a class=\"text-body text-decoration-none\" href=\"https:\/\/consrosario.esteri.it\/es\/news\/dal_consolato\/2026\/04\/corso-carlo-collodi-e-la-sua-creatura-pinocchio-un-percorso-caleidoscopico\/\" title=\"Curso \u00abCarlo Collodi y su criatura: Pinocho &#8211; Un recorrido caleidosc\u00f3pico\u00bb\">Curso \u00abCarlo Collodi y su criatura: Pinocho &#8211; Un recorrido caleidosc\u00f3pico\u00bb<\/a><\/h5>\n                            <p class=\"card-text\">Un viaje entre las p\u00e1ginas de un cl\u00e1sico atemporal, entre literatura, imaginario y reinterpretaciones de uno de los personajes m\u00e1s ic\u00f3nicos de la cultura italiana. Docente: Prof. Emilio BellonAsistente t\u00e9cnico: Lic. Alejandro Caffa Inicio: 6 de mayo de 2026Mi\u00e9rcoles de 17:00 a 19:00Duraci\u00f3n: 10 encuentrosModalidad online sincr\u00f3nica (Google Meet)Actividad gratuita Inscripciones:https:\/\/docs.google.com\/forms\/d\/e\/1FAIpQLSesvPiPe1Bwogw-FLx-U_gkREkBcykFveq8iApWwV84CQI8QQ\/viewform?usp=publish-editor Info: cineyliteraturait@gmail.com En los [&hellip;]<\/p>\n                                <a title=\"Curso \u00abCarlo Collodi y su criatura: Pinocho &#8211; Un recorrido caleidosc\u00f3pico\u00bb\" class=\"read-more\" href=\"https:\/\/consrosario.esteri.it\/es\/news\/dal_consolato\/2026\/04\/corso-carlo-collodi-e-la-sua-creatura-pinocchio-un-percorso-caleidoscopico\/\">\n                                    <span class=\"text\">Lee mas<\/span>\n                                    <svg class=\"icon\">\n                                    <use xlink:href=\"https:\/\/consrosario.esteri.it\/wp-content\/themes\/sedi-tema\/assets\/svg\/sprites.svg#it-arrow-right\"><\/use>\n                                    <\/svg>\n                                <\/a>\n                                                    <\/div>\n                    <\/div>\n                <\/div>\n                <!--end card-->\n                <\/div><!-- col-12 .mt-3-->\n                            <div class=\"col-12 mt-3\">\n                <!--start card-->\n                <div class=\"card-wrapper card-space\">\n                    <div class=\"card card-bg card-big border-bottom-card\">\n                        <div class=\"card-body \">\n                                                        <div class=\"category-top\">\n                                                                                                            <span class=\"\">\n                                        <svg class=\"icon icon-secondary\">\n                                            <use xlink:href=\"https:\/\/consrosario.esteri.it\/wp-content\/themes\/sedi-tema\/assets\/svg\/sprites.svg#it-calendar\"><\/use>\n                                        <\/svg> 27 abril 2026                                    <\/span>\n                                                                    <\/div>\n                            <h5 class=\"card-title big-heading text-uppercase\"><a class=\"text-body text-decoration-none\" href=\"https:\/\/consrosario.esteri.it\/es\/news\/dal_consolato\/2026\/04\/corso-breve-medicina-veterinaria-formazione-dei-formatori-esigenze-per-lesercizio-professionale-in-italia-e-in-argentina\/\" title=\"Curso breve &#8211; Medicina Veterinaria: Formaci\u00f3n de formadores: necesidades para el ejercicio profesional en Italia y en Argentina\">Curso breve &#8211; Medicina Veterinaria: Formaci\u00f3n de formadores: necesidades para el ejercicio profesional en Italia y en Argentina<\/a><\/h5>\n                            <p class=\"card-text\">Un curso que propone una reflexi\u00f3n sobre las nuevas competencias requeridas para los docentes y los m\u00e9dicos veterinarios, poniendo en di\u00e1logo los contextos formativos y profesionales de Italia y Argentina. Docentes: Mar\u00eda Alejandra Lapalma y Marta Tenutto (UNR)Docente invitada: Paola Paradies (Universit\u00e0 degli Studi di Bari) Fechas de los encuentros: Viernes 8 de mayo Lunes [&hellip;]<\/p>\n                                <a title=\"Curso breve &#8211; Medicina Veterinaria: Formaci\u00f3n de formadores: necesidades para el ejercicio profesional en Italia y en Argentina\" class=\"read-more\" href=\"https:\/\/consrosario.esteri.it\/es\/news\/dal_consolato\/2026\/04\/corso-breve-medicina-veterinaria-formazione-dei-formatori-esigenze-per-lesercizio-professionale-in-italia-e-in-argentina\/\">\n                                    <span class=\"text\">Lee mas<\/span>\n                                    <svg class=\"icon\">\n                                    <use xlink:href=\"https:\/\/consrosario.esteri.it\/wp-content\/themes\/sedi-tema\/assets\/svg\/sprites.svg#it-arrow-right\"><\/use>\n                                    <\/svg>\n                                <\/a>\n                                                    <\/div>\n                    <\/div>\n                <\/div>\n                <!--end card-->\n                <\/div><!-- col-12 .mt-3-->\n                            <div class=\"col-12 mt-3\">\n                <!--start card-->\n                <div class=\"card-wrapper card-space\">\n                    <div class=\"card card-bg card-big border-bottom-card\">\n                        <div class=\"card-body \">\n                                                        <div class=\"category-top\">\n                                                                                                            <span class=\"\">\n                                        <svg class=\"icon icon-secondary\">\n                                            <use xlink:href=\"https:\/\/consrosario.esteri.it\/wp-content\/themes\/sedi-tema\/assets\/svg\/sprites.svg#it-calendar\"><\/use>\n                                        <\/svg> 22 abril 2026                                    <\/span>\n                                                                    <\/div>\n                            <h5 class=\"card-title big-heading text-uppercase\"><a class=\"text-body text-decoration-none\" href=\"https:\/\/consrosario.esteri.it\/es\/news\/dal_consolato\/2026\/04\/resistenza-e-antifascismo-tra-memoria-storica-e-pratiche-attuali\/\" title=\"Resistencia y antifascismo: entre memoria hist\u00f3rica y pr\u00e1cticas actuales\">Resistencia y antifascismo: entre memoria hist\u00f3rica y pr\u00e1cticas actuales<\/a><\/h5>\n                            <p class=\"card-text\">La actividad, organizada por la C\u00e1tedra de Italiano y la C\u00e1tedra de Literatura Italiana y Francesa con el patrocinio del Consulado de Italia en Rosario, se enmarca en las celebraciones del D\u00eda de la Liberaci\u00f3n (25 de abril de 1945). El encuentro tiene como objetivo contextualizar hist\u00f3ricamente esta fecha fundamental, destacando su valor para la [&hellip;]<\/p>\n                                <a title=\"Resistencia y antifascismo: entre memoria hist\u00f3rica y pr\u00e1cticas actuales\" class=\"read-more\" href=\"https:\/\/consrosario.esteri.it\/es\/news\/dal_consolato\/2026\/04\/resistenza-e-antifascismo-tra-memoria-storica-e-pratiche-attuali\/\">\n                                    <span class=\"text\">Lee mas<\/span>\n                                    <svg class=\"icon\">\n                                    <use xlink:href=\"https:\/\/consrosario.esteri.it\/wp-content\/themes\/sedi-tema\/assets\/svg\/sprites.svg#it-arrow-right\"><\/use>\n                                    <\/svg>\n                                <\/a>\n                                                    <\/div>\n                    <\/div>\n                <\/div>\n                <!--end card-->\n                <\/div><!-- col-12 .mt-3-->\n                            <div class=\"col-12 mt-3\">\n                <!--start card-->\n                <div class=\"card-wrapper card-space\">\n                    <div class=\"card card-bg card-big border-bottom-card\">\n                        <div class=\"card-body \">\n                                                        <div class=\"category-top\">\n                                                                                                            <span class=\"\">\n                                        <svg class=\"icon icon-secondary\">\n                                            <use xlink:href=\"https:\/\/consrosario.esteri.it\/wp-content\/themes\/sedi-tema\/assets\/svg\/sprites.svg#it-calendar\"><\/use>\n                                        <\/svg> 22 abril 2026                                    <\/span>\n                                                                    <\/div>\n                            <h5 class=\"card-title big-heading text-uppercase\"><a class=\"text-body text-decoration-none\" href=\"https:\/\/consrosario.esteri.it\/es\/news\/dal_consolato\/2026\/04\/contributi-maeci-a-valere-sul-capitolo-2562-piano-gestionale-3-formazione-docenti-di-lingua-italiana-allestero-decreto-direttoriale-n-4100-33-e-f-2026\/\" title=\"Contributi MAECI a valere sul Capitolo 2562, Piano Gestionale 3 \u2013 Formazione docenti di lingua italiana all\u2019estero (Decreto Direttoriale n. 4100\/33 \u2013 E.F. 2026)\">Contributi MAECI a valere sul Capitolo 2562, Piano Gestionale 3 \u2013 Formazione docenti di lingua italiana all\u2019estero (Decreto Direttoriale n. 4100\/33 \u2013 E.F. 2026)<\/a><\/h5>\n                            <p class=\"card-text\">Il Ministero degli Affari Esteri e della Cooperazione Internazionale, per il tramite della Direzione Generale per i Servizi ai Cittadini all\u2019Estero e le Politiche Migratorie, eroga contributi a sostegno di corsi di formazione e aggiornamento per docenti di lingua italiana operanti all\u2019estero. Possono presentare domanda scuole straniere e paritarie, enti gestori, associazioni senza scopo di [&hellip;]<\/p>\n                                <a title=\"Contributi MAECI a valere sul Capitolo 2562, Piano Gestionale 3 \u2013 Formazione docenti di lingua italiana all\u2019estero (Decreto Direttoriale n. 4100\/33 \u2013 E.F. 2026)\" class=\"read-more\" href=\"https:\/\/consrosario.esteri.it\/es\/news\/dal_consolato\/2026\/04\/contributi-maeci-a-valere-sul-capitolo-2562-piano-gestionale-3-formazione-docenti-di-lingua-italiana-allestero-decreto-direttoriale-n-4100-33-e-f-2026\/\">\n                                    <span class=\"text\">Lee mas<\/span>\n                                    <svg class=\"icon\">\n                                    <use xlink:href=\"https:\/\/consrosario.esteri.it\/wp-content\/themes\/sedi-tema\/assets\/svg\/sprites.svg#it-arrow-right\"><\/use>\n                                    <\/svg>\n                                <\/a>\n                                                    <\/div>\n                    <\/div>\n                <\/div>\n                <!--end card-->\n                <\/div><!-- col-12 .mt-3-->\n                            <div class=\"col-12 mt-3\">\n                <!--start card-->\n                <div class=\"card-wrapper card-space\">\n                    <div class=\"card card-bg card-big border-bottom-card\">\n                        <div class=\"card-body \">\n                                                        <div class=\"category-top\">\n                                                                                                            <span class=\"\">\n                                        <svg class=\"icon icon-secondary\">\n                                            <use xlink:href=\"https:\/\/consrosario.esteri.it\/wp-content\/themes\/sedi-tema\/assets\/svg\/sprites.svg#it-calendar\"><\/use>\n                                        <\/svg> 8 abril 2026                                    <\/span>\n                                                                    <\/div>\n                            <h5 class=\"card-title big-heading text-uppercase\"><a class=\"text-body text-decoration-none\" href=\"https:\/\/consrosario.esteri.it\/es\/news\/dal_consolato\/2026\/04\/corso-di-lingua-italiana-livello-iniziale\/\" title=\"Curso de lengua italiana &#8211; Nivel inicial\">Curso de lengua italiana &#8211; Nivel inicial<\/a><\/h5>\n                            <p class=\"card-text\">Dirigido a estudiantes y docentes de la UNR involucrados en proyectos de movilidad internacional. Fecha de inicio: 21 de abril de 2026Martes de 17:30 a 19:30 Modalidad: Sincr\u00f3nica v\u00eda Zoom Inscripci\u00f3n: Contactar a la oficina de Relaciones Internacionales de la propia facultad.Cupos limitados: Los candidatos ser\u00e1n seleccionados por cada unidad acad\u00e9mica.<\/p>\n                                <a title=\"Curso de lengua italiana &#8211; Nivel inicial\" class=\"read-more\" href=\"https:\/\/consrosario.esteri.it\/es\/news\/dal_consolato\/2026\/04\/corso-di-lingua-italiana-livello-iniziale\/\">\n                                    <span class=\"text\">Lee mas<\/span>\n                                    <svg class=\"icon\">\n                                    <use xlink:href=\"https:\/\/consrosario.esteri.it\/wp-content\/themes\/sedi-tema\/assets\/svg\/sprites.svg#it-arrow-right\"><\/use>\n                                    <\/svg>\n                                <\/a>\n                                                    <\/div>\n                    <\/div>\n                <\/div>\n                <!--end card-->\n                <\/div><!-- col-12 .mt-3-->\n                            <div class=\"col-12 mt-3\">\n                <!--start card-->\n                <div class=\"card-wrapper card-space\">\n                    <div class=\"card card-bg card-big border-bottom-card\">\n                        <div class=\"card-body \">\n                                                        <div class=\"category-top\">\n                                                                                                            <span class=\"\">\n                                        <svg class=\"icon icon-secondary\">\n                                            <use xlink:href=\"https:\/\/consrosario.esteri.it\/wp-content\/themes\/sedi-tema\/assets\/svg\/sprites.svg#it-calendar\"><\/use>\n                                        <\/svg> 8 abril 2026                                    <\/span>\n                                                                    <\/div>\n                            <h5 class=\"card-title big-heading text-uppercase\"><a class=\"text-body text-decoration-none\" href=\"https:\/\/consrosario.esteri.it\/es\/news\/dal_consolato\/2026\/04\/corsi-di-comprensione-scritta-in-italiano-2026\/\" title=\"Seminarios de comprensi\u00f3n lectora en italiano 2026\">Seminarios de comprensi\u00f3n lectora en italiano 2026<\/a><\/h5>\n                            <p class=\"card-text\">\u00bfQuer\u00e9s ampliar tus horizontes acad\u00e9micos y profesionales? Estos cursos te brindar\u00e1n herramientas fundamentales para comprender textos en italiano, permiti\u00e9ndote acceder a nuevas fuentes bibliogr\u00e1ficas y fortalecer tu formaci\u00f3n. RECONOCIDOS PARA ESTUDIOS DE POSGRADO Gratuitos | Cupos limitados Destinatarios: Docentes y personal no docente de la UNR Estudiantes de posgrado de universidades argentinas y extranjeras D\u00edas [&hellip;]<\/p>\n                                <a title=\"Seminarios de comprensi\u00f3n lectora en italiano 2026\" class=\"read-more\" href=\"https:\/\/consrosario.esteri.it\/es\/news\/dal_consolato\/2026\/04\/corsi-di-comprensione-scritta-in-italiano-2026\/\">\n                                    <span class=\"text\">Lee mas<\/span>\n                                    <svg class=\"icon\">\n                                    <use xlink:href=\"https:\/\/consrosario.esteri.it\/wp-content\/themes\/sedi-tema\/assets\/svg\/sprites.svg#it-arrow-right\"><\/use>\n                                    <\/svg>\n                                <\/a>\n                                                    <\/div>\n                    <\/div>\n                <\/div>\n                <!--end card-->\n                <\/div><!-- col-12 .mt-3-->\n                            <div class=\"col-12 mt-3\">\n                <!--start card-->\n                <div class=\"card-wrapper card-space\">\n                    <div class=\"card card-bg card-big border-bottom-card\">\n                        <div class=\"card-body \">\n                                                        <div class=\"category-top\">\n                                                                                                            <span class=\"\">\n                                        <svg class=\"icon icon-secondary\">\n                                            <use xlink:href=\"https:\/\/consrosario.esteri.it\/wp-content\/themes\/sedi-tema\/assets\/svg\/sprites.svg#it-calendar\"><\/use>\n                                        <\/svg> 7 abril 2026                                    <\/span>\n                                                                    <\/div>\n                            <h5 class=\"card-title big-heading text-uppercase\"><a class=\"text-body text-decoration-none\" href=\"https:\/\/consrosario.esteri.it\/es\/news\/dal_consolato\/2026\/04\/corso-di-lingua-italiana-al-politecnico-dellunr-rosario-2\/\" title=\"Curso de lengua italiana en el Politecnico de Rosario\">Curso de lengua italiana en el Politecnico de Rosario<\/a><\/h5>\n                            <p class=\"card-text\">El Instituto Polit\u00e9cnico Superior, en el marco de una iniciativa del Departamento de Italian\u00edstica y del CEI de la Universidad Nacional de Rosario, y con el auspicio del Consulado General de Italia en Rosario, invita a la comunidad del Polit\u00e9cnico a participar en el Curso de lengua italiana, una oportunidad formativa \u00fanica y gratuita. \u00bfA [&hellip;]<\/p>\n                                <a title=\"Curso de lengua italiana en el Politecnico de Rosario\" class=\"read-more\" href=\"https:\/\/consrosario.esteri.it\/es\/news\/dal_consolato\/2026\/04\/corso-di-lingua-italiana-al-politecnico-dellunr-rosario-2\/\">\n                                    <span class=\"text\">Lee mas<\/span>\n                                    <svg class=\"icon\">\n                                    <use xlink:href=\"https:\/\/consrosario.esteri.it\/wp-content\/themes\/sedi-tema\/assets\/svg\/sprites.svg#it-arrow-right\"><\/use>\n                                    <\/svg>\n                                <\/a>\n                                                    <\/div>\n                    <\/div>\n                <\/div>\n                <!--end card-->\n                <\/div><!-- col-12 .mt-3-->\n                            <div class=\"col-12 mt-3\">\n                <!--start card-->\n                <div class=\"card-wrapper card-space\">\n                    <div class=\"card card-bg card-big border-bottom-card\">\n                        <div class=\"card-body \">\n                                                        <div class=\"category-top\">\n                                                                                                            <span class=\"\">\n                                        <svg class=\"icon icon-secondary\">\n                                            <use xlink:href=\"https:\/\/consrosario.esteri.it\/wp-content\/themes\/sedi-tema\/assets\/svg\/sprites.svg#it-calendar\"><\/use>\n                                        <\/svg> 1 abril 2026                                    <\/span>\n                                                                    <\/div>\n                            <h5 class=\"card-title big-heading text-uppercase\"><a class=\"text-body text-decoration-none\" href=\"https:\/\/consrosario.esteri.it\/es\/news\/dal_consolato\/2026\/04\/opportunita-di-formazione-internazionale-bando-msc-ieba-2026-2027\/\" title=\"Oportunidad de formaci\u00f3n internacional \u2013 Convocatoria MSc IEBA 2026\/2027\">Oportunidad de formaci\u00f3n internacional \u2013 Convocatoria MSc IEBA 2026\/2027<\/a><\/h5>\n                            <p class=\"card-text\">El Consulado General de Italia en Rosario informa sobre una interesante oportunidad acad\u00e9mica promovida por la Universidad de Verona, en colaboraci\u00f3n con las Universidades de Bamberg, Bordeaux y Porto. Est\u00e1 abierta la convocatoria para el Master of Science en International Economics and Business Administration (IEBA) \u2013 a\u00f1o acad\u00e9mico 2026\/2027. El programa ofrece un recorrido internacional [&hellip;]<\/p>\n                                <a title=\"Oportunidad de formaci\u00f3n internacional \u2013 Convocatoria MSc IEBA 2026\/2027\" class=\"read-more\" href=\"https:\/\/consrosario.esteri.it\/es\/news\/dal_consolato\/2026\/04\/opportunita-di-formazione-internazionale-bando-msc-ieba-2026-2027\/\">\n                                    <span class=\"text\">Lee mas<\/span>\n                                    <svg class=\"icon\">\n                                    <use xlink:href=\"https:\/\/consrosario.esteri.it\/wp-content\/themes\/sedi-tema\/assets\/svg\/sprites.svg#it-arrow-right\"><\/use>\n                                    <\/svg>\n                                <\/a>\n                                                    <\/div>\n                    <\/div>\n                <\/div>\n                <!--end card-->\n                <\/div><!-- col-12 .mt-3-->\n                            <div class=\"col-12 mt-3\">\n                <!--start card-->\n                <div class=\"card-wrapper card-space\">\n                    <div class=\"card card-bg card-big border-bottom-card\">\n                        <div class=\"card-body \">\n                                                        <div class=\"category-top\">\n                                                                                                            <span class=\"\">\n                                        <svg class=\"icon icon-secondary\">\n                                            <use xlink:href=\"https:\/\/consrosario.esteri.it\/wp-content\/themes\/sedi-tema\/assets\/svg\/sprites.svg#it-calendar\"><\/use>\n                                        <\/svg> 24 marzo 2026                                    <\/span>\n                                                                    <\/div>\n                            <h5 class=\"card-title big-heading text-uppercase\"><a class=\"text-body text-decoration-none\" href=\"https:\/\/consrosario.esteri.it\/es\/news\/dal_consolato\/2026\/03\/nuove-tariffe-dei-servizi-consolari-ii-trimestre-2026\/\" title=\"NUEVAS TARIFAS DE LOS SERVICIOS CONSULARES \u2013 II Trimestre 2026\">NUEVAS TARIFAS DE LOS SERVICIOS CONSULARES \u2013 II Trimestre 2026<\/a><\/h5>\n                            <p class=\"card-text\">Se informa que fueron publicadas las nuevas tarifas de los servicios consulares, en vigencia a partir del\u00a001\/04\/2026\u00a0(cliquear aqu\u00ed).<\/p>\n                                <a title=\"NUEVAS TARIFAS DE LOS SERVICIOS CONSULARES \u2013 II Trimestre 2026\" class=\"read-more\" href=\"https:\/\/consrosario.esteri.it\/es\/news\/dal_consolato\/2026\/03\/nuove-tariffe-dei-servizi-consolari-ii-trimestre-2026\/\">\n                                    <span class=\"text\">Lee mas<\/span>\n                                    <svg class=\"icon\">\n                                    <use xlink:href=\"https:\/\/consrosario.esteri.it\/wp-content\/themes\/sedi-tema\/assets\/svg\/sprites.svg#it-arrow-right\"><\/use>\n                                    <\/svg>\n                                <\/a>\n                                                    <\/div>\n                    <\/div>\n                <\/div>\n                <!--end card-->\n                <\/div><!-- col-12 .mt-3-->\n                            <div class=\"col-12 mt-3\">\n                <!--start card-->\n                <div class=\"card-wrapper card-space\">\n                    <div class=\"card card-bg card-big border-bottom-card\">\n                        <div class=\"card-body \">\n                                                        <div class=\"category-top\">\n                                                                                                            <span class=\"\">\n                                        <svg class=\"icon icon-secondary\">\n                                            <use xlink:href=\"https:\/\/consrosario.esteri.it\/wp-content\/themes\/sedi-tema\/assets\/svg\/sprites.svg#it-calendar\"><\/use>\n                                        <\/svg> 24 marzo 2026                                    <\/span>\n                                                                    <\/div>\n                            <h5 class=\"card-title big-heading text-uppercase\"><a class=\"text-body text-decoration-none\" href=\"https:\/\/consrosario.esteri.it\/es\/news\/dal_consolato\/2026\/03\/impara-litaliano-a-tecnolagos-2\/\" title=\"Aprend\u00e9 italiano en Tecnolagos\">Aprend\u00e9 italiano en Tecnolagos<\/a><\/h5>\n                            <p class=\"card-text\">Cursos de lengua italiana De abril a octubre de 2026 Modalidad presencial | Lugar: Tecnolagos Inicio: 15 de abril Nivel 1: mi\u00e9rcoles de 17:00 a 18:45 Nivel 2: mi\u00e9rcoles de 18:45 a 20:30 Destinatarios: \u2013 Personal docente y no docente de la Escuela Sara Bartfeld Rietti (Tecnolagos) \u2013 Ciudadanos de General Lagos Cursos gratuitos | [&hellip;]<\/p>\n                                <a title=\"Aprend\u00e9 italiano en Tecnolagos\" class=\"read-more\" href=\"https:\/\/consrosario.esteri.it\/es\/news\/dal_consolato\/2026\/03\/impara-litaliano-a-tecnolagos-2\/\">\n                                    <span class=\"text\">Lee mas<\/span>\n                                    <svg class=\"icon\">\n                                    <use xlink:href=\"https:\/\/consrosario.esteri.it\/wp-content\/themes\/sedi-tema\/assets\/svg\/sprites.svg#it-arrow-right\"><\/use>\n                                    <\/svg>\n                                <\/a>\n                                                    <\/div>\n                    <\/div>\n                <\/div>\n                <!--end card-->\n                <\/div><!-- col-12 .mt-3-->\n            \n            <div class=\"col-md-12 mt-4 pb-4\">\n                <nav class=\"navigation col-md-12\" aria-label=\"Navigation\">\n                    <h2 class=\"screen-reader-text visually-hidden\">Paginaci\u00f3n<\/h2>\n                    <div class=\"nav-links\">\n                    <span aria-current=\"page\" class=\"page-numbers current\">1<\/span>\n<a class=\"page-numbers\" href=\"https:\/\/consrosario.esteri.it\/es\/wp-json\/wp\/v2\/pages\/162\/?pag=2\">2<\/a>\n<a class=\"page-numbers\" href=\"https:\/\/consrosario.esteri.it\/es\/wp-json\/wp\/v2\/pages\/162\/?pag=3\">3<\/a>\n<span class=\"page-numbers dots\">&hellip;<\/span>\n<a class=\"page-numbers\" href=\"https:\/\/consrosario.esteri.it\/es\/wp-json\/wp\/v2\/pages\/162\/?pag=73\">73<\/a>\n<a class=\"next page-numbers\" href=\"https:\/\/consrosario.esteri.it\/es\/wp-json\/wp\/v2\/pages\/162\/?pag=2\"><svg class=\"icon icon-primary\"><use xlink:href=\"https:\/\/consrosario.esteri.it\/wp-content\/themes\/sedi-tema\/assets\/svg\/sprites.svg#it-chevron-right\"><\/use><\/svg>\n                                    <span class=\"visually-hidden\">Siguiente p\u00e1gina<\/span><\/a>                    <\/div>\n                <\/nav>\n            <\/div>   <!--.col-md-12 -->\n              <\/div><!--.row -->\n              \n","protected":false},"excerpt":{"rendered":"","protected":false},"author":1,"featured_media":0,"parent":0,"menu_order":10,"comment_status":"closed","ping_status":"closed","template":"","meta":{"footnotes":""},"class_list":["post-162","page","type-page","status-publish","hentry"],"_links":{"self":[{"href":"https:\/\/consrosario.esteri.it\/es\/wp-json\/wp\/v2\/pages\/162","targetHints":{"allow":["GET"]}}],"collection":[{"href":"https:\/\/consrosario.esteri.it\/es\/wp-json\/wp\/v2\/pages"}],"about":[{"href":"https:\/\/consrosario.esteri.it\/es\/wp-json\/wp\/v2\/types\/page"}],"author":[{"embeddable":true,"href":"https:\/\/consrosario.esteri.it\/es\/wp-json\/wp\/v2\/users\/1"}],"replies":[{"embeddable":true,"href":"https:\/\/consrosario.esteri.it\/es\/wp-json\/wp\/v2\/comments?post=162"}],"version-history":[{"count":0,"href":"https:\/\/consrosario.esteri.it\/es\/wp-json\/wp\/v2\/pages\/162\/revisions"}],"wp:attachment":[{"href":"https:\/\/consrosario.esteri.it\/es\/wp-json\/wp\/v2\/media?parent=162"}],"curies":[{"name":"wp","href":"https:\/\/api.w.org\/{rel}","templated":true}]}}