{"id":163,"date":"2023-04-03T19:15:16","date_gmt":"2023-04-03T22:15:16","guid":{"rendered":"https:\/\/consrosario.esteri.it\/chi-siamo\/il-console-generale\/"},"modified":"2026-07-28T14:25:33","modified_gmt":"2026-07-28T17:25:33","slug":"il-console-generale","status":"publish","type":"page","link":"https:\/\/consrosario.esteri.it\/es\/chi-siamo\/il-console-generale\/","title":{"rendered":"El C\u00f3nsul General"},"content":{"rendered":"<p><strong>C\u00f3nsul General Filippo Romano<\/strong><\/p>\n<p class=\"PDq2pG_selectionAnchorContainer\" style=\"text-align: justify;\" data-start=\"0\" data-end=\"423\">Licenciado en Ciencias Pol\u00edticas, con orientaci\u00f3n en Pol\u00edtica Internacional, ingres\u00f3 en la carrera diplom\u00e1tica en 2002. Tras desempe\u00f1arse en el Ministerio de Asuntos Exteriores y Cooperaci\u00f3n Internacional (MAECI), en la Direcci\u00f3n General para los Asuntos Pol\u00edticos Multilaterales y los Derechos Humanos, entre 2006 y 2015 prest\u00f3 servicio en el exterior en las sedes de Montevideo, Friburgo de Brisgovia (Alemania) y Bagdad.\u00a0De regreso en el MAECI, se desempe\u00f1\u00f3 en la Direcci\u00f3n General para los Asuntos Pol\u00edticos y de Seguridad. Entre 2019 y 2023 fue C\u00f3nsul General de Italia en La Plata y, posteriormente, Jefe de la Oficina para el Sistema de la Formaci\u00f3n Italiana en el Mundo, primero en la Direcci\u00f3n General para la Diplomacia P\u00fablica y Cultural y, desde el 1.\u00ba de enero de 2026, en la Direcci\u00f3n General para los Servicios a los Ciudadanos en el Exterior y las Pol\u00edticas Migratorias.\u00a0El 27 de julio de 2026 asumi\u00f3 las funciones de C\u00f3nsul General de Italia en Rosario. Es Consejero de Embajada desde 2019 y Caballero de la Orden al M\u00e9rito de la Rep\u00fablica Italiana.<\/p>\n<p style=\"text-align: justify;\" data-start=\"1070\" data-end=\"1191\" data-is-last-node=\"\" data-is-only-node=\"\">Es diplomado en viol\u00edn por el Conservatorio de M\u00fasica <em data-start=\"1124\" data-end=\"1143\">Ottorino Respighi<\/em> de Latina y habla con fluidez espa\u00f1ol e ingl\u00e9s.<\/p>\n","protected":false},"excerpt":{"rendered":"C\u00f3nsul General Filippo Romano Licenciado en Ciencias Pol\u00edticas, con orientaci\u00f3n en Pol\u00edtica Internacional, ingres\u00f3 en la carrera diplom\u00e1tica en 2002. Tras desempe\u00f1arse en el Ministerio de Asuntos Exteriores y Cooperaci\u00f3n Internacional (MAECI), en la Direcci\u00f3n General para los Asuntos Pol\u00edticos Multilaterales y los Derechos Humanos, entre 2006 y 2015 prest\u00f3 servicio en el exterior en [&hellip;]","protected":false},"author":1,"featured_media":0,"parent":159,"menu_order":0,"comment_status":"closed","ping_status":"closed","template":"","meta":{"footnotes":""},"class_list":["post-163","page","type-page","status-publish","hentry"],"_links":{"self":[{"href":"https:\/\/consrosario.esteri.it\/es\/wp-json\/wp\/v2\/pages\/163","targetHints":{"allow":["GET"]}}],"collection":[{"href":"https:\/\/consrosario.esteri.it\/es\/wp-json\/wp\/v2\/pages"}],"about":[{"href":"https:\/\/consrosario.esteri.it\/es\/wp-json\/wp\/v2\/types\/page"}],"author":[{"embeddable":true,"href":"https:\/\/consrosario.esteri.it\/es\/wp-json\/wp\/v2\/users\/1"}],"replies":[{"embeddable":true,"href":"https:\/\/consrosario.esteri.it\/es\/wp-json\/wp\/v2\/comments?post=163"}],"version-history":[{"count":4,"href":"https:\/\/consrosario.esteri.it\/es\/wp-json\/wp\/v2\/pages\/163\/revisions"}],"predecessor-version":[{"id":13774,"href":"https:\/\/consrosario.esteri.it\/es\/wp-json\/wp\/v2\/pages\/163\/revisions\/13774"}],"up":[{"embeddable":true,"href":"https:\/\/consrosario.esteri.it\/es\/wp-json\/wp\/v2\/pages\/159"}],"wp:attachment":[{"href":"https:\/\/consrosario.esteri.it\/es\/wp-json\/wp\/v2\/media?parent=163"}],"curies":[{"name":"wp","href":"https:\/\/api.w.org\/{rel}","templated":true}]}}